{"id":221,"date":"2021-07-27T16:01:26","date_gmt":"2021-07-27T16:01:26","guid":{"rendered":"https:\/\/arvenada.com\/wordpress\/?page_id=221"},"modified":"2021-07-27T17:01:40","modified_gmt":"2021-07-27T17:01:40","slug":"hakkimizda-2","status":"publish","type":"page","link":"https:\/\/arvenada.com\/wordpress\/index.php\/hakkimizda-2\/","title":{"rendered":"Hakk\u0131m\u0131zda"},"content":{"rendered":"\n<p>10 y\u0131ldan fazla bir s\u00fcredir Elektronik, Otomasyon, Tekstil, Mobilya, IT, Makine, \u0130n\u015faat, Organizasyon, G\u00fcvenlik, Metal vb. \u00fcretim ve hizmet sekt\u00f6rlerinde yurti\u00e7i ve yurtd\u0131\u015f\u0131 projelerde elde etti\u011fi tecr\u00fcbe ve birikimini \u015firketler ile bulu\u015fturmak isteyen Sezer Y\u0131lmaz, 2017 y\u0131l\u0131nda Arven Ada Bili\u015fim ve Dan\u0131\u015fmanl\u0131k Hizmetleri Ltd.\u015eti. firmas\u0131n\u0131 kurmu\u015ftur. Ayn\u0131 y\u0131l Workcube \u0130\u015f Orta\u011f\u0131 olan Arven Ada Bili\u015fim dan\u0131\u015fmanl\u0131k, yaz\u0131l\u0131m, donan\u0131m alanlar\u0131nda uzman kadrosu ve i\u015f ortaklar\u0131yla kaliteli hizmet vererek m\u00fc\u015fteri memnuniyetini sa\u011flamay\u0131 ama\u00e7lamaktad\u0131r.<\/p>\n\n\n\n<figure class=\"wp-block-image\"><img decoding=\"async\" src=\"https:\/\/arvenada.com\/wp-content\/uploads\/2020\/10\/aboutmckp4.jpg\" alt=\"10 y\u0131ldan fazla bir s\u00fcredir Elektronik, Otomasyon, Tekstil, Mobilya, IT, Makine, \u0130n\u015faat, Organizasyon, G\u00fcvenlik, Metal vb. \u00fcretim ve hizmet sekt\u00f6rlerinde yurti\u00e7i ve yurtd\u0131\u015f\u0131 projelerde elde etti\u011fi tecr\u00fcbe ve birikimini \u015firketler ile bulu\u015fturmak isteyen Sezer Y\u0131lmaz, 2017 y\u0131l\u0131nda Arven Ada Bili\u015fim ve Dan\u0131\u015fmanl\u0131k Hizmetleri Ltd.\u015eti. firmas\u0131n\u0131 kurmu\u015ftur. Ayn\u0131 y\u0131l Workcube \u0130\u015f Orta\u011f\u0131 olan Arven Ada Bili\u015fim dan\u0131\u015fmanl\u0131k, yaz\u0131l\u0131m, donan\u0131m alanlar\u0131nda uzman kadrosu ve i\u015f ortaklar\u0131yla kaliteli hizmet vererek m\u00fc\u015fteri memnuniyetini sa\u011flamay\u0131 ama\u00e7lamaktad\u0131r.\" class=\"wp-image-68\"\/><\/figure>\n\n\n\n<hr class=\"wp-block-separator\"\/>\n\n\n\n<h3 class=\"wp-block-heading\">Projeler<\/h3>\n\n\n\n<ul class=\"wp-block-list\"><li>Ant M\u00fchendislik. \u2013 Workcube Uygulamalar\u0131n\u0131n u\u00e7tan uca yerle\u015ftirilmesi.<\/li><li>Ant M\u00fchendislik \u2013 www.antmuh.com.tr web sayfas\u0131 entegrasyonu.<\/li><li>Emre Metal \u2013 Workcube HR ve ERP-FA Uygulamalar\u0131n\u0131n yerle\u015ftirilmesi.<\/li><li>77 \u0130n\u015faat \u2013 Workcube Uygulamalar\u0131n\u0131n u\u00e7tan uca yerle\u015ftirilmesi.<\/li><li>Aygenteks \u2013 Workcube Uygulamalar\u0131n\u0131n u\u00e7tan uca yerle\u015ftirilmesi.<\/li><li>Sega Elektronik &amp; G\u00fcvenlik Sistemleri \u2013 Workcube Uygulamalar\u0131n\u0131n u\u00e7tan uca yerle\u015ftirilmesi.<\/li><li>As Elektrik \u2013 Avizeci.com \u2013 Workcube Uygulamalar\u0131n\u0131n u\u00e7tan uca yerle\u015ftirilmesi.<\/li><li>Giem G\u00fcvenlik \u2013 Workcube Uygulamalar\u0131n\u0131n u\u00e7tan uca yerle\u015ftirilmesi.<\/li><li>Erpa \u0130leti\u015fim \u2013 Workcube HR, ERP-FA, CRM-SQ, PMS Uygulamalar\u0131n\u0131n u\u00e7tan uca yerle\u015ftirilmesi.<\/li><li>\u0130lke Otomasyon \u2013 Workcube Uygulamalar\u0131n\u0131n u\u00e7tan uca yerle\u015ftirilmesi.<\/li><li>\u0130lke Otomasyon \u2013 www.ilkeotomasyon.com.tr web sayfas\u0131 entegrasyonu.<\/li><li>Sipahiler Turizm \u2013 Workcube Uygulamalar\u0131n\u0131n u\u00e7tan uca yerle\u015ftirilmesi.<\/li><li>Prokom Madencik \u2013 Workcube Uygulamalar\u0131n\u0131n u\u00e7tan uca yerle\u015ftirilmesi.<\/li><li>Sefine Denizcilik \u2013 Workcube HR Uygulamalar\u0131n\u0131n yerle\u015ftirilmesi.<\/li><li>Markom Leo Burnett Reklam \u2013 Workcube HR Uygulamalar\u0131n\u0131n yerle\u015ftirilmesi.<\/li><li>Leras Tekstil \u2013 Workcube HR Uygulamalar\u0131n\u0131n yerle\u015ftirilmesi.<\/li><li>Bilgi Sistemleri \u2013 Workcube HR Uygulamalar\u0131n\u0131n yerle\u015ftirilmesi<\/li><li>Elegan Yap\u0131 \u2013 Workcube HR Uygulamalar\u0131n\u0131n yerle\u015ftirilmesi.<\/li><li>\u0130skur Tekstil \u2013 Workcube HR Uygulamalar\u0131n\u0131n yerle\u015ftirilmesi.<\/li><li>Tepav Proje Ve Dan\u0131\u015fmanl\u0131k Merkezi \u2013 Workcube HR Uygulamalar\u0131n\u0131n yerle\u015ftirilmesi.<\/li><li>Bilgi Teknolojileri \u2013 Workcube HR Uygulamalar\u0131n\u0131n yerle\u015ftirilmesi.<\/li><li>Kocaer Haddecilik \u2013 Workcube HR Uygulamalar\u0131n\u0131n yerle\u015ftirilmesi.<\/li><li>Arbiogaz \u00c7evre Teknolojileri \u2013 Workcube HR Uygulamalar\u0131n\u0131n yerle\u015ftirilmesi.<\/li><li>Selam Market \u2013 Workcube HR Uygulamalar\u0131n\u0131n yerle\u015ftirilmesi.<\/li><li>Ekol \u0130n\u015faat \u2013 Workcube HR Uygulamalar\u0131n\u0131n yerle\u015ftirilmesi.<\/li><li>Lotis Pharma- Workcube HR Uygulamalar\u0131n\u0131n yerle\u015ftirilmesi.<\/li><li>Simet \u2013 Workcube Uygulamalar\u0131n\u0131n u\u00e7tan uca yerle\u015ftirilmesi.<\/li><li>\u00c7a\u011f\u0131n Ofis Mobilyalar\u0131 \u2013 Workcube Uygulamalar\u0131n\u0131n u\u00e7tan uca yerle\u015ftirilmesi.<\/li><li>TMT Elektronik \u2013 Workcube Uygulamalar\u0131n\u0131n u\u00e7tan uca yerle\u015ftirilmesi.<\/li><li>Akarteks \u2013 Workcube ERP-FA, ERP-SD, CRM-SQ, PMS Uygulamalar\u0131n\u0131n u\u00e7tan uca yerle\u015ftirilmesi.<\/li><li>Robosan Otomasyon \u2013 Workcube Uygulamalar\u0131n\u0131n u\u00e7tan uca yerle\u015ftirilmesi.<\/li><li>2F M\u00fchendislik \u2013 Workcube Uygulamalar\u0131n\u0131n u\u00e7tan uca yerle\u015ftirilmesi.<\/li><li>Ayco M\u00fchendislik \u2013 Workcube Uygulamalar\u0131n\u0131n u\u00e7tan uca yerle\u015ftirilmesi.<\/li><li>Bevius \u2013 Workcube Uygulamalar\u0131n\u0131n u\u00e7tan uca yerle\u015ftirilmesi.<\/li><li>Vizyon Turkey \u2013 Workcube Uygulamalar\u0131n\u0131n u\u00e7tan uca yerle\u015ftirilmesi.<\/li><li>Vizyon Turkey \u2013 communicate.vizyonturkey.com b2b portal\u0131 entegrasyonu.<\/li><li>Cenetric \u2013 Workcube Uygulamalar\u0131n\u0131n u\u00e7tan uca yerle\u015ftirilmesi.<\/li><li>Cenetric \u2013 communicate.cenetric.com.tr b2b portal\u0131 entegrasyonu.<\/li><li>Adnext \u2013 Workcube Uygulamalar\u0131n\u0131n u\u00e7tan uca yerle\u015ftirilmesi.<\/li><li>Bur\u00e7 Kuma\u015f \u2013 Workcube Uygulamalar\u0131n\u0131n u\u00e7tan uca yerle\u015ftirilmesi.<\/li><\/ul>\n","protected":false},"excerpt":{"rendered":"<p>10 y\u0131ldan fazla bir s\u00fcredir Elektronik, Otomasyon, Tekstil, Mobilya, IT, Makine, \u0130n\u015faat, Organizasyon, G\u00fcvenlik, Metal vb. \u00fcretim ve hizmet sekt\u00f6rlerinde yurti\u00e7i ve yurtd\u0131\u015f\u0131 projelerde elde etti\u011fi tecr\u00fcbe ve birikimini \u015firketler ile bulu\u015fturmak isteyen Sezer Y\u0131lmaz, 2017 y\u0131l\u0131nda Arven Ada Bili\u015fim ve Dan\u0131\u015fmanl\u0131k Hizmetleri Ltd.\u015eti. firmas\u0131n\u0131 kurmu\u015ftur. Ayn\u0131 y\u0131l Workcube \u0130\u015f Orta\u011f\u0131 olan Arven Ada Bili\u015fim &hellip; <\/p>\n","protected":false},"author":1,"featured_media":46,"parent":0,"menu_order":0,"comment_status":"closed","ping_status":"closed","template":"","meta":{"footnotes":""},"class_list":["post-221","page","type-page","status-publish","has-post-thumbnail","hentry"],"_links":{"self":[{"href":"https:\/\/arvenada.com\/wordpress\/index.php\/wp-json\/wp\/v2\/pages\/221","targetHints":{"allow":["GET"]}}],"collection":[{"href":"https:\/\/arvenada.com\/wordpress\/index.php\/wp-json\/wp\/v2\/pages"}],"about":[{"href":"https:\/\/arvenada.com\/wordpress\/index.php\/wp-json\/wp\/v2\/types\/page"}],"author":[{"embeddable":true,"href":"https:\/\/arvenada.com\/wordpress\/index.php\/wp-json\/wp\/v2\/users\/1"}],"replies":[{"embeddable":true,"href":"https:\/\/arvenada.com\/wordpress\/index.php\/wp-json\/wp\/v2\/comments?post=221"}],"version-history":[{"count":1,"href":"https:\/\/arvenada.com\/wordpress\/index.php\/wp-json\/wp\/v2\/pages\/221\/revisions"}],"predecessor-version":[{"id":223,"href":"https:\/\/arvenada.com\/wordpress\/index.php\/wp-json\/wp\/v2\/pages\/221\/revisions\/223"}],"wp:featuredmedia":[{"embeddable":true,"href":"https:\/\/arvenada.com\/wordpress\/index.php\/wp-json\/wp\/v2\/media\/46"}],"wp:attachment":[{"href":"https:\/\/arvenada.com\/wordpress\/index.php\/wp-json\/wp\/v2\/media?parent=221"}],"curies":[{"name":"wp","href":"https:\/\/api.w.org\/{rel}","templated":true}]}}